{"id":1114,"date":"2023-11-15T09:54:53","date_gmt":"2023-11-15T08:54:53","guid":{"rendered":"http:\/\/arnaboldiinteriors.it\/?page_id=1114"},"modified":"2024-01-31T14:29:46","modified_gmt":"2024-01-31T13:29:46","slug":"a-propos-de-nous","status":"publish","type":"page","link":"https:\/\/arnaboldiinteriors.it\/fr\/a-propos-de-nous\/","title":{"rendered":"\u00c0 propos de nous"},"content":{"rendered":"<section class=\"wpb-content-wrapper\"><p>[vc_row][vc_column][vc_empty_space height=&#8221;100px&#8221;][\/vc_column][\/vc_row][vc_row][vc_column][vc_column_text]<\/p>\n<p style=\"text-align: center;\">\u00c0 PROPOS DE NOUS<\/p>\n<p>[\/vc_column_text][vc_empty_space height=&#8221;50px&#8221;][vc_column_text]<\/p>\n<h1 style=\"text-align: center;\">PASSION DE FAMILLE<\/h1>\n<p>[\/vc_column_text][\/vc_column][\/vc_row][vc_row][vc_column][vc_empty_space height=&#8221;100px&#8221;][\/vc_column][\/vc_row][vc_row][vc_column][vc_single_image image=&#8221;285&#8243; img_size=&#8221;full&#8221;][\/vc_column][\/vc_row][vc_row][vc_column][vc_empty_space height=&#8221;100px&#8221;][\/vc_column][\/vc_row][vc_row content_placement=&#8221;middle&#8221;][vc_column width=&#8221;5\/12&#8243;][vc_column_text]Arnaboldi Interiors, une histoire qui a commenc\u00e9 il y a plus de 90 ans, une histoire de famille, de valeurs et d\u2019attention, de passion pour la beaut\u00e9, et d&#8217;une culture qui est n\u00e9e et se renouvelle au sein de l&#8217;entreprise. Des ameublements sur mesure uniques en leur genre qui prennent forme \u00e0 partir d&#8217;inspirations mais riches en dynamisme, classicit\u00e9 et innovation.<br \/>\nL&#8217;\u00e9l\u00e9gance formelle, la rigueur de la perfection et le raffinement des d\u00e9tails. Entre contaminations raffin\u00e9es et interpr\u00e9tations \u00e9l\u00e9gantes, excellente qualit\u00e9 et dext\u00e9rit\u00e9 illimit\u00e9e se fondent les cr\u00e9ations d&#8217;ameublement sur mesure d&#8217;Arnaboldi Interiors.[\/vc_column_text][vc_row_inner][vc_column_inner offset=&#8221;vc_hidden-lg vc_hidden-md&#8221;][vc_empty_space height=&#8221;50px&#8221;][\/vc_column_inner][\/vc_row_inner][\/vc_column][vc_column width=&#8221;1\/12&#8243;][\/vc_column][vc_column width=&#8221;6\/12&#8243;][vc_single_image image=&#8221;291&#8243; img_size=&#8221;full&#8221;][\/vc_column][\/vc_row][vc_row][vc_column][vc_empty_space height=&#8221;100px&#8221;][\/vc_column][\/vc_row][vc_row full_width=&#8221;stretch_row_content_no_spaces&#8221; equal_height=&#8221;yes&#8221; content_placement=&#8221;middle&#8221; el_class=&#8221;container-rotto&#8221;][vc_column width=&#8221;1\/2&#8243;][vc_single_image image=&#8221;298&#8243; img_size=&#8221;full&#8221; alignment=&#8221;center&#8221; el_class=&#8221;full-width-image fade-from-right&#8221;][\/vc_column][vc_column width=&#8221;1\/2&#8243; el_class=&#8221;bg-grey&#8221;][vc_row_inner][vc_column_inner offset=&#8221;vc_hidden-lg vc_hidden-md&#8221;][vc_empty_space height=&#8221;50px&#8221;][\/vc_column_inner][\/vc_row_inner][vc_column_text el_class=&#8221;container-only-right&#8221;]<\/p>\n<p style=\"text-align: right;\">Le r\u00e9sultat est la r\u00e9alisation de projets qui deviennent des pi\u00e8ces \u00abuniques\u00bb hautement personnalis\u00e9es, qui allient la pr\u00e9cieuse tradition artisanale de Cant\u00f9 avec la recherche stylistique la plus innovante. Les inspirations du pass\u00e9 sont r\u00e9interpr\u00e9t\u00e9es en style moderne et \u00ab luxe \u00bb, pour donner vie \u00e0 des formes et des lignes intemporelles. Des collections d\u2019ameublement sur mesure qui vont au-del\u00e0 de la mode, o\u00f9 l&#8217;artisanat et la dext\u00e9rit\u00e9 se marient dans une combinaison id\u00e9ale et de grand effet.<\/p>\n<p>[\/vc_column_text][vc_row_inner][vc_column_inner offset=&#8221;vc_hidden-lg vc_hidden-md&#8221;][vc_empty_space height=&#8221;50px&#8221;][\/vc_column_inner][\/vc_row_inner][\/vc_column][\/vc_row][vc_row][vc_column][vc_empty_space height=&#8221;100px&#8221;][\/vc_column][\/vc_row][vc_row][vc_column][vc_column_text]<\/p>\n<h2 style=\"text-align: center;\">AVANT-GARDE ET TRADITION,<br \/>\nSOUS LE SIGNE DE LA QUALIT\u00c9 DE VIE.<\/h2>\n<p>[\/vc_column_text][vc_empty_space height=&#8221;100px&#8221;][\/vc_column][vc_column width=&#8221;1\/2&#8243;][vc_single_image image=&#8221;302&#8243; img_size=&#8221;full&#8221;][vc_empty_space height=&#8221;15px&#8221;][vc_single_image image=&#8221;308&#8243; img_size=&#8221;full&#8221;][vc_row_inner][vc_column_inner][vc_empty_space height=&#8221;15px&#8221;][\/vc_column_inner][\/vc_row_inner][\/vc_column][vc_column width=&#8221;1\/2&#8243;][vc_single_image image=&#8221;305&#8243; img_size=&#8221;full&#8221;][vc_empty_space height=&#8221;15px&#8221;][vc_single_image image=&#8221;311&#8243; img_size=&#8221;full&#8221;][\/vc_column][\/vc_row][vc_row][vc_column][vc_empty_space height=&#8221;100px&#8221;][\/vc_column][\/vc_row][vc_row][vc_column width=&#8221;3\/12&#8243;][\/vc_column][vc_column width=&#8221;6\/12&#8243;][vc_column_text]<\/p>\n<p style=\"text-align: center;\">Dans un monde o\u00f9 la nature rev\u00eat un r\u00f4le fondamental dans la d\u00e9coration int\u00e9rieure, l&#8217;utilisation d&#8217;essences de bois tr\u00e8s pr\u00e9cieuses devient un art. Le bois, avec sa beaut\u00e9 intrins\u00e8que, offre une base parfaite pour cr\u00e9er des meubles qui allient fonctionnalit\u00e9 et esth\u00e9tique dans un environnement unique et \u00e9l\u00e9gant. Depuis des d\u00e9cennies Arnaboldi Interiors travaille les essences de bois les plus diverses et les plus prestigieuses venant du monde entier, pour les transformer en \u0153uvres d&#8217;art fonctionnelles.<\/p>\n<p>[\/vc_column_text][\/vc_column][vc_column width=&#8221;3\/12&#8243;][\/vc_column][\/vc_row][vc_row][vc_column][vc_empty_space height=&#8221;100px&#8221;][\/vc_column][\/vc_row][vc_row full_width=&#8221;stretch_row_content_no_spaces&#8221;][vc_column][vc_single_image image=&#8221;321&#8243; img_size=&#8221;full&#8221;][\/vc_column][\/vc_row][vc_row][vc_column][vc_empty_space height=&#8221;100px&#8221;][\/vc_column][\/vc_row]<\/p>\n<\/section>","protected":false},"excerpt":{"rendered":"<p>[vc_row][vc_column][vc_empty_space height=&#8221;100px&#8221;][\/vc_column][\/vc_row][vc_row][vc_column][vc_column_text] \u00c0 PROPOS DE NOUS [\/vc_column_text][vc_empty_space height=&#8221;50px&#8221;][vc_column_text] PASSION DE FAMILLE [\/vc_column_text][\/vc_column][\/vc_row][vc_row][vc_column][vc_empty_space height=&#8221;100px&#8221;][\/vc_column][\/vc_row][vc_row][vc_column][vc_single_image image=&#8221;285&#8243; img_size=&#8221;full&#8221;][\/vc_column][\/vc_row][vc_row][vc_column][vc_empty_space height=&#8221;100px&#8221;][\/vc_column][\/vc_row][vc_row content_placement=&#8221;middle&#8221;][vc_column width=&#8221;5\/12&#8243;][vc_column_text]Arnaboldi Interiors, une histoire qui a commenc\u00e9 il y a plus de 90 ans, une histoire de famille, de valeurs et d\u2019attention, de passion pour la beaut\u00e9, et d&#8217;une culture qui est n\u00e9e et se renouvelle au sein [&hellip;]<\/p>\n","protected":false},"author":1,"featured_media":282,"parent":0,"menu_order":0,"comment_status":"closed","ping_status":"closed","template":"hero-page.php","meta":{"footnotes":""},"class_list":["post-1114","page","type-page","status-publish","has-post-thumbnail","hentry"],"acf":[],"yoast_head":"<!-- This site is optimized with the Yoast SEO plugin v23.9 - https:\/\/yoast.com\/wordpress\/plugins\/seo\/ -->\n<title>\u00c0 propos de nous - Arnaboldi Interiors<\/title>\n<meta name=\"robots\" content=\"index, follow, max-snippet:-1, max-image-preview:large, max-video-preview:-1\" \/>\n<link rel=\"canonical\" href=\"https:\/\/arnaboldiinteriors.it\/fr\/a-propos-de-nous\/\" \/>\n<meta property=\"og:locale\" content=\"fr_FR\" \/>\n<meta property=\"og:type\" content=\"article\" \/>\n<meta property=\"og:title\" content=\"\u00c0 propos de nous - Arnaboldi Interiors\" \/>\n<meta property=\"og:description\" content=\"[vc_row][vc_column][vc_empty_space height=&#8221;100px&#8221;][\/vc_column][\/vc_row][vc_row][vc_column][vc_column_text] \u00c0 PROPOS DE NOUS [\/vc_column_text][vc_empty_space height=&#8221;50px&#8221;][vc_column_text] PASSION DE FAMILLE [\/vc_column_text][\/vc_column][\/vc_row][vc_row][vc_column][vc_empty_space height=&#8221;100px&#8221;][\/vc_column][\/vc_row][vc_row][vc_column][vc_single_image image=&#8221;285&#8243; img_size=&#8221;full&#8221;][\/vc_column][\/vc_row][vc_row][vc_column][vc_empty_space height=&#8221;100px&#8221;][\/vc_column][\/vc_row][vc_row content_placement=&#8221;middle&#8221;][vc_column width=&#8221;5\/12&#8243;][vc_column_text]Arnaboldi Interiors, une histoire qui a commenc\u00e9 il y a plus de 90 ans, une histoire de famille, de valeurs et d\u2019attention, de passion pour la beaut\u00e9, et d&#8217;une culture qui est n\u00e9e et se renouvelle au sein [&hellip;]\" \/>\n<meta property=\"og:url\" content=\"https:\/\/arnaboldiinteriors.it\/fr\/a-propos-de-nous\/\" \/>\n<meta property=\"og:site_name\" content=\"Arnaboldi Interiors\" \/>\n<meta property=\"article:modified_time\" content=\"2024-01-31T13:29:46+00:00\" \/>\n<meta property=\"og:image\" content=\"https:\/\/arnaboldiinteriors.it\/wp-content\/uploads\/2023\/12\/about-us-hero.jpg\" \/>\n\t<meta property=\"og:image:width\" content=\"2560\" \/>\n\t<meta property=\"og:image:height\" content=\"773\" \/>\n\t<meta property=\"og:image:type\" content=\"image\/jpeg\" \/>\n<meta name=\"twitter:card\" content=\"summary_large_image\" \/>\n<meta name=\"twitter:label1\" content=\"Dur\u00e9e de lecture estim\u00e9e\" \/>\n\t<meta name=\"twitter:data1\" content=\"2 minutes\" \/>\n<script type=\"application\/ld+json\" class=\"yoast-schema-graph\">{\"@context\":\"https:\/\/schema.org\",\"@graph\":[{\"@type\":\"WebPage\",\"@id\":\"https:\/\/arnaboldiinteriors.it\/fr\/a-propos-de-nous\/\",\"url\":\"https:\/\/arnaboldiinteriors.it\/fr\/a-propos-de-nous\/\",\"name\":\"\u00c0 propos de nous - Arnaboldi Interiors\",\"isPartOf\":{\"@id\":\"https:\/\/arnaboldiinteriors.it\/fr\/#website\"},\"primaryImageOfPage\":{\"@id\":\"https:\/\/arnaboldiinteriors.it\/fr\/a-propos-de-nous\/#primaryimage\"},\"image\":{\"@id\":\"https:\/\/arnaboldiinteriors.it\/fr\/a-propos-de-nous\/#primaryimage\"},\"thumbnailUrl\":\"https:\/\/arnaboldiinteriors.it\/wp-content\/uploads\/2023\/12\/about-us-hero.jpg\",\"datePublished\":\"2023-11-15T08:54:53+00:00\",\"dateModified\":\"2024-01-31T13:29:46+00:00\",\"breadcrumb\":{\"@id\":\"https:\/\/arnaboldiinteriors.it\/fr\/a-propos-de-nous\/#breadcrumb\"},\"inLanguage\":\"fr-FR\",\"potentialAction\":[{\"@type\":\"ReadAction\",\"target\":[\"https:\/\/arnaboldiinteriors.it\/fr\/a-propos-de-nous\/\"]}]},{\"@type\":\"ImageObject\",\"inLanguage\":\"fr-FR\",\"@id\":\"https:\/\/arnaboldiinteriors.it\/fr\/a-propos-de-nous\/#primaryimage\",\"url\":\"https:\/\/arnaboldiinteriors.it\/wp-content\/uploads\/2023\/12\/about-us-hero.jpg\",\"contentUrl\":\"https:\/\/arnaboldiinteriors.it\/wp-content\/uploads\/2023\/12\/about-us-hero.jpg\",\"width\":2560,\"height\":773,\"caption\":\"About us\"},{\"@type\":\"BreadcrumbList\",\"@id\":\"https:\/\/arnaboldiinteriors.it\/fr\/a-propos-de-nous\/#breadcrumb\",\"itemListElement\":[{\"@type\":\"ListItem\",\"position\":1,\"name\":\"Home\",\"item\":\"https:\/\/arnaboldiinteriors.it\/fr\/\"},{\"@type\":\"ListItem\",\"position\":2,\"name\":\"\u00c0 propos de nous\"}]},{\"@type\":\"WebSite\",\"@id\":\"https:\/\/arnaboldiinteriors.it\/fr\/#website\",\"url\":\"https:\/\/arnaboldiinteriors.it\/fr\/\",\"name\":\"Arnaboldi Interiors\",\"description\":\"Una storia iniziata oltre 90 anni fa\",\"publisher\":{\"@id\":\"https:\/\/arnaboldiinteriors.it\/fr\/#organization\"},\"potentialAction\":[{\"@type\":\"SearchAction\",\"target\":{\"@type\":\"EntryPoint\",\"urlTemplate\":\"https:\/\/arnaboldiinteriors.it\/fr\/?s={search_term_string}\"},\"query-input\":{\"@type\":\"PropertyValueSpecification\",\"valueRequired\":true,\"valueName\":\"search_term_string\"}}],\"inLanguage\":\"fr-FR\"},{\"@type\":\"Organization\",\"@id\":\"https:\/\/arnaboldiinteriors.it\/fr\/#organization\",\"name\":\"Arnaboldi Interiors\",\"url\":\"https:\/\/arnaboldiinteriors.it\/fr\/\",\"logo\":{\"@type\":\"ImageObject\",\"inLanguage\":\"fr-FR\",\"@id\":\"https:\/\/arnaboldiinteriors.it\/fr\/#\/schema\/logo\/image\/\",\"url\":\"https:\/\/arnaboldiinteriors.it\/wp-content\/uploads\/2023\/11\/logo-arnaboldi.png\",\"contentUrl\":\"https:\/\/arnaboldiinteriors.it\/wp-content\/uploads\/2023\/11\/logo-arnaboldi.png\",\"width\":792,\"height\":274,\"caption\":\"Arnaboldi Interiors\"},\"image\":{\"@id\":\"https:\/\/arnaboldiinteriors.it\/fr\/#\/schema\/logo\/image\/\"}}]}<\/script>\n<!-- \/ Yoast SEO plugin. -->","yoast_head_json":{"title":"\u00c0 propos de nous - Arnaboldi Interiors","robots":{"index":"index","follow":"follow","max-snippet":"max-snippet:-1","max-image-preview":"max-image-preview:large","max-video-preview":"max-video-preview:-1"},"canonical":"https:\/\/arnaboldiinteriors.it\/fr\/a-propos-de-nous\/","og_locale":"fr_FR","og_type":"article","og_title":"\u00c0 propos de nous - Arnaboldi Interiors","og_description":"[vc_row][vc_column][vc_empty_space height=&#8221;100px&#8221;][\/vc_column][\/vc_row][vc_row][vc_column][vc_column_text] \u00c0 PROPOS DE NOUS [\/vc_column_text][vc_empty_space height=&#8221;50px&#8221;][vc_column_text] PASSION DE FAMILLE [\/vc_column_text][\/vc_column][\/vc_row][vc_row][vc_column][vc_empty_space height=&#8221;100px&#8221;][\/vc_column][\/vc_row][vc_row][vc_column][vc_single_image image=&#8221;285&#8243; img_size=&#8221;full&#8221;][\/vc_column][\/vc_row][vc_row][vc_column][vc_empty_space height=&#8221;100px&#8221;][\/vc_column][\/vc_row][vc_row content_placement=&#8221;middle&#8221;][vc_column width=&#8221;5\/12&#8243;][vc_column_text]Arnaboldi Interiors, une histoire qui a commenc\u00e9 il y a plus de 90 ans, une histoire de famille, de valeurs et d\u2019attention, de passion pour la beaut\u00e9, et d&#8217;une culture qui est n\u00e9e et se renouvelle au sein [&hellip;]","og_url":"https:\/\/arnaboldiinteriors.it\/fr\/a-propos-de-nous\/","og_site_name":"Arnaboldi Interiors","article_modified_time":"2024-01-31T13:29:46+00:00","og_image":[{"width":2560,"height":773,"url":"https:\/\/arnaboldiinteriors.it\/wp-content\/uploads\/2023\/12\/about-us-hero.jpg","type":"image\/jpeg"}],"twitter_card":"summary_large_image","twitter_misc":{"Dur\u00e9e de lecture estim\u00e9e":"2 minutes"},"schema":{"@context":"https:\/\/schema.org","@graph":[{"@type":"WebPage","@id":"https:\/\/arnaboldiinteriors.it\/fr\/a-propos-de-nous\/","url":"https:\/\/arnaboldiinteriors.it\/fr\/a-propos-de-nous\/","name":"\u00c0 propos de nous - Arnaboldi Interiors","isPartOf":{"@id":"https:\/\/arnaboldiinteriors.it\/fr\/#website"},"primaryImageOfPage":{"@id":"https:\/\/arnaboldiinteriors.it\/fr\/a-propos-de-nous\/#primaryimage"},"image":{"@id":"https:\/\/arnaboldiinteriors.it\/fr\/a-propos-de-nous\/#primaryimage"},"thumbnailUrl":"https:\/\/arnaboldiinteriors.it\/wp-content\/uploads\/2023\/12\/about-us-hero.jpg","datePublished":"2023-11-15T08:54:53+00:00","dateModified":"2024-01-31T13:29:46+00:00","breadcrumb":{"@id":"https:\/\/arnaboldiinteriors.it\/fr\/a-propos-de-nous\/#breadcrumb"},"inLanguage":"fr-FR","potentialAction":[{"@type":"ReadAction","target":["https:\/\/arnaboldiinteriors.it\/fr\/a-propos-de-nous\/"]}]},{"@type":"ImageObject","inLanguage":"fr-FR","@id":"https:\/\/arnaboldiinteriors.it\/fr\/a-propos-de-nous\/#primaryimage","url":"https:\/\/arnaboldiinteriors.it\/wp-content\/uploads\/2023\/12\/about-us-hero.jpg","contentUrl":"https:\/\/arnaboldiinteriors.it\/wp-content\/uploads\/2023\/12\/about-us-hero.jpg","width":2560,"height":773,"caption":"About us"},{"@type":"BreadcrumbList","@id":"https:\/\/arnaboldiinteriors.it\/fr\/a-propos-de-nous\/#breadcrumb","itemListElement":[{"@type":"ListItem","position":1,"name":"Home","item":"https:\/\/arnaboldiinteriors.it\/fr\/"},{"@type":"ListItem","position":2,"name":"\u00c0 propos de nous"}]},{"@type":"WebSite","@id":"https:\/\/arnaboldiinteriors.it\/fr\/#website","url":"https:\/\/arnaboldiinteriors.it\/fr\/","name":"Arnaboldi Interiors","description":"Una storia iniziata oltre 90 anni fa","publisher":{"@id":"https:\/\/arnaboldiinteriors.it\/fr\/#organization"},"potentialAction":[{"@type":"SearchAction","target":{"@type":"EntryPoint","urlTemplate":"https:\/\/arnaboldiinteriors.it\/fr\/?s={search_term_string}"},"query-input":{"@type":"PropertyValueSpecification","valueRequired":true,"valueName":"search_term_string"}}],"inLanguage":"fr-FR"},{"@type":"Organization","@id":"https:\/\/arnaboldiinteriors.it\/fr\/#organization","name":"Arnaboldi Interiors","url":"https:\/\/arnaboldiinteriors.it\/fr\/","logo":{"@type":"ImageObject","inLanguage":"fr-FR","@id":"https:\/\/arnaboldiinteriors.it\/fr\/#\/schema\/logo\/image\/","url":"https:\/\/arnaboldiinteriors.it\/wp-content\/uploads\/2023\/11\/logo-arnaboldi.png","contentUrl":"https:\/\/arnaboldiinteriors.it\/wp-content\/uploads\/2023\/11\/logo-arnaboldi.png","width":792,"height":274,"caption":"Arnaboldi Interiors"},"image":{"@id":"https:\/\/arnaboldiinteriors.it\/fr\/#\/schema\/logo\/image\/"}}]}},"_links":{"self":[{"href":"https:\/\/arnaboldiinteriors.it\/fr\/wp-json\/wp\/v2\/pages\/1114","targetHints":{"allow":["GET"]}}],"collection":[{"href":"https:\/\/arnaboldiinteriors.it\/fr\/wp-json\/wp\/v2\/pages"}],"about":[{"href":"https:\/\/arnaboldiinteriors.it\/fr\/wp-json\/wp\/v2\/types\/page"}],"author":[{"embeddable":true,"href":"https:\/\/arnaboldiinteriors.it\/fr\/wp-json\/wp\/v2\/users\/1"}],"replies":[{"embeddable":true,"href":"https:\/\/arnaboldiinteriors.it\/fr\/wp-json\/wp\/v2\/comments?post=1114"}],"version-history":[{"count":6,"href":"https:\/\/arnaboldiinteriors.it\/fr\/wp-json\/wp\/v2\/pages\/1114\/revisions"}],"predecessor-version":[{"id":2245,"href":"https:\/\/arnaboldiinteriors.it\/fr\/wp-json\/wp\/v2\/pages\/1114\/revisions\/2245"}],"wp:featuredmedia":[{"embeddable":true,"href":"https:\/\/arnaboldiinteriors.it\/fr\/wp-json\/wp\/v2\/media\/282"}],"wp:attachment":[{"href":"https:\/\/arnaboldiinteriors.it\/fr\/wp-json\/wp\/v2\/media?parent=1114"}],"curies":[{"name":"wp","href":"https:\/\/api.w.org\/{rel}","templated":true}]}}